{"id":92,"date":"2024-08-31T12:42:59","date_gmt":"2024-08-31T10:42:59","guid":{"rendered":"https:\/\/lineaclave.org\/ivana\/?page_id=92"},"modified":"2024-08-31T13:33:40","modified_gmt":"2024-08-31T11:33:40","slug":"sobre-mi","status":"publish","type":"page","link":"https:\/\/lineaclave.org\/ivana\/sobre-mi\/","title":{"rendered":"Sobre m\u00ed"},"content":{"rendered":"\n<figure class=\"wp-block-image size-full\"><img loading=\"lazy\" decoding=\"async\" width=\"576\" height=\"1024\" src=\"https:\/\/lineaclave.org\/ivana\/wp-content\/uploads\/2024\/08\/1.jpg\" alt=\"\" class=\"wp-image-125\" srcset=\"https:\/\/lineaclave.org\/ivana\/wp-content\/uploads\/2024\/08\/1.jpg 576w, https:\/\/lineaclave.org\/ivana\/wp-content\/uploads\/2024\/08\/1-169x300.jpg 169w\" sizes=\"auto, (max-width: 576px) 100vw, 576px\" \/><\/figure>\n\n\n\n<p>En un momento de mi vida, hace unos 15 a\u00f1os, cuando era una mam\u00e1 joven, sana, muy activa, que disfrutaba de&nbsp;mi trabajo como profesora,&nbsp;bailaba y hac\u00eda muchas cosas que me llenaban el alma,&nbsp;ten\u00eda una vida normal, plena y feliz\u2026 pero un d\u00eda, de repente, empec\u00e9 a sentirme muy mal\u2026 el primer&nbsp;a\u00f1o no pude ni siquiera levantarme de la cama, porque la enfermedad al principio fue muy violenta. Reci\u00e9n despu\u00e9s de un a\u00f1o de sentir cada d\u00eda que me estaba muriendo, tuve el diagn\u00f3stico: Fibromialgia, S\u00edndrome de Fatiga Cr\u00f3nica, Sensibilidad Qu\u00edmica M\u00faltiple y Electrosensibilidad. \u201cCart\u00f3n lleno\u201d me dijo el m\u00e9dico.<\/p>\n\n\n\n<div class=\"wp-block-group\"><div class=\"wp-block-group__inner-container is-layout-constrained wp-block-group-is-layout-constrained\">\n<p>Era un momento en el que ning\u00fan m\u00e9dico \u201ccre\u00eda\u201d en la Fibromialgia, pero a pesar de la incomprensi\u00f3n me recuerdo dici\u00e9ndoles:&nbsp;\u201cno estoy deprimida, ni estoy loca, ni me lo invento. A m\u00ed me pasa algo y necesito que lo averig\u00fces\u201d.&nbsp;<\/p>\n<\/div><\/div>\n\n\n\n<p>Enseguida not\u00e9 que, seg\u00fan los alimentos que com\u00eda, mis s\u00edntomas mejoraban o empeoraban, pero los m\u00e9dicos no lo entend\u00edan, ni esto ni tantas otras cosas que me pasaban. Entonces intentando encontrar respuestas empec\u00e9 la carrera de nutrici\u00f3n, primero on-line porque no pod\u00eda levantarme de la cama y el segundo a\u00f1o ya fui de forma presencial. Y fui a cada una de las clases de toda la carrera, asociando lo que estudiaba ese d\u00eda, con mis s\u00edntomas y mi enfermedad.&nbsp;<\/p>\n\n\n\n<p>Pas\u00f3 el tiempo y fui haciendo cambios en mi alimentaci\u00f3n y en mis h\u00e1bitos cotidianos, que me permitieron pasito a pasito, mejorar mi calidad de vida.<\/p>\n\n\n\n<p>Despu\u00e9s de los 40 lleg\u00f3 a mi vida Pen\u00e9lope, mi tercera hija, el embarazo fue genial, no tuve ning\u00fan s\u00edntoma y fueron los mejores 9 meses desde hac\u00eda mucho mucho tiempo: pero por qu\u00e9?<\/p>\n\n\n\n<p>En ese momento y m\u00e1s que nunca, lo que yo quer\u00eda era seguir investigando y aprendiendo, para poder seguir mejorando. En Argentina, mi pa\u00eds natal, es muy dif\u00edcil poder investigar, por lo que viaj\u00e9 a Espa\u00f1a para continuar estudiando en la Universitat de Valencia.<\/p>\n\n\n\n<p>Aqu\u00ed volv\u00ed a hacer la carrera de nutrici\u00f3n, ya que el enfoque es diferente a la anterior y un trabajo de investigaci\u00f3n al que titul\u00e9:&nbsp;\u201c<strong><em>Tratamientos y cambios de h\u00e1bitos necesarios en pacientes con enfermedades ambientales o S\u00edndromes de Sensibilidad Central\u201d,&nbsp;<\/em><\/strong>en el que he investigado profundamente c\u00f3mo aliviar, de la forma m\u00e1s eficaz, cada uno de los tantos s\u00edntomas de la enfermedad. Qu\u00e9 herramientas y qu\u00e9 nuevos tratamientos van surgiendo. Y buscando&nbsp;\u201clo mejor\u201d. Por ejemplo: el mejor neur\u00f3logo especialista en higiene del sue\u00f1o, para que me ense\u00f1e c\u00f3mo mejorar la calidad de sue\u00f1o de estos pacientes. El mejor toxic\u00f3logo, para que me diga c\u00f3mo desintoxicar nuestro organismo de metales pesados y dem\u00e1s qu\u00edmicos que nos afectan tanto\u2026 y hasta el mejor maestro de Chi-kung para que me explique qu\u00e9 nos puede ofrecer para mejorar nuestra salud, etc., etc. &nbsp;En Espa\u00f1a he venido participando en los \u00faltimos cursos y congresos sobre el tema y estudiando todo lo que surge acerca de la enfermedad.<\/p>\n\n\n\n<p>En este momento, estoy preparando un trabajo de fin de m\u00e1ster, titulado:&nbsp;<strong><em>\u201cAlimentaci\u00f3n y suplementaci\u00f3n necesaria para pacientes con Fibromialgia y SFC\u201d<\/em><\/strong><\/p>\n\n\n\n<p>Hace alrededor de 4 a\u00f1os que no tengo brotes y afortunadamente ya ni me acuerdo de que tengo esta enfermedad\u2026<strong>&nbsp;<\/strong><\/p>\n\n\n\n<p>\u00bfCu\u00e1l es mi objetivo?Que cada una de las personas que padecemos esta patolog\u00eda, podamos recuperar gran parte de la persona que fuimos antes de enfermarnos, que podamos vivir la vida que&nbsp;<em>nosotras decidamos vivir&nbsp;<\/em>y que tengamos la posibilidad de&nbsp;<em>ser la persona que queremos ser<\/em>&nbsp; lo antes posible.&nbsp;<\/p>\n\n\n\n<p><strong>Porque s\u00ed, se puede mejorar y volver a llevar una vida plena!<\/strong><\/p>\n","protected":false},"excerpt":{"rendered":"<p>En un momento de mi vida, hace unos 15 a\u00f1os, cuando era una mam\u00e1 joven, sana, muy activa, que disfrutaba de&nbsp;mi trabajo como profesora,&nbsp;bailaba y hac\u00eda muchas cosas que me llenaban el alma,&nbsp;ten\u00eda una vida normal, plena y feliz\u2026 pero un d\u00eda, de repente, empec\u00e9 a sentirme muy mal\u2026 el primer&nbsp;a\u00f1o no pude ni siquiera [&hellip;]<\/p>\n","protected":false},"author":1,"featured_media":0,"parent":0,"menu_order":0,"comment_status":"closed","ping_status":"closed","template":"","meta":{"footnotes":""},"class_list":["post-92","page","type-page","status-publish","czr-hentry"],"_links":{"self":[{"href":"https:\/\/lineaclave.org\/ivana\/wp-json\/wp\/v2\/pages\/92","targetHints":{"allow":["GET"]}}],"collection":[{"href":"https:\/\/lineaclave.org\/ivana\/wp-json\/wp\/v2\/pages"}],"about":[{"href":"https:\/\/lineaclave.org\/ivana\/wp-json\/wp\/v2\/types\/page"}],"author":[{"embeddable":true,"href":"https:\/\/lineaclave.org\/ivana\/wp-json\/wp\/v2\/users\/1"}],"replies":[{"embeddable":true,"href":"https:\/\/lineaclave.org\/ivana\/wp-json\/wp\/v2\/comments?post=92"}],"version-history":[{"count":2,"href":"https:\/\/lineaclave.org\/ivana\/wp-json\/wp\/v2\/pages\/92\/revisions"}],"predecessor-version":[{"id":127,"href":"https:\/\/lineaclave.org\/ivana\/wp-json\/wp\/v2\/pages\/92\/revisions\/127"}],"wp:attachment":[{"href":"https:\/\/lineaclave.org\/ivana\/wp-json\/wp\/v2\/media?parent=92"}],"curies":[{"name":"wp","href":"https:\/\/api.w.org\/{rel}","templated":true}]}}